{"id":333,"date":"2015-11-19T17:21:41","date_gmt":"2015-11-19T15:21:41","guid":{"rendered":"http:\/\/mv-horben.de\/?page_id=333"},"modified":"2022-01-03T10:06:11","modified_gmt":"2022-01-03T10:06:11","slug":"jugend","status":"publish","type":"page","link":"https:\/\/mv-horben.de\/?page_id=333","title":{"rendered":"Jugend"},"content":{"rendered":"\t\t<div data-elementor-type=\"wp-page\" data-elementor-id=\"333\" class=\"elementor elementor-333\">\n\t\t\t\t\t\t<section class=\"elementor-section elementor-top-section elementor-element elementor-element-db09d32 elementor-section-boxed elementor-section-height-default elementor-section-height-default\" data-id=\"db09d32\" data-element_type=\"section\">\n\t\t\t\t\t\t<div class=\"elementor-container elementor-column-gap-default\">\n\t\t\t\t\t<div class=\"elementor-column elementor-col-100 elementor-top-column elementor-element elementor-element-678f8cc\" data-id=\"678f8cc\" data-element_type=\"column\">\n\t\t\t<div class=\"elementor-widget-wrap elementor-element-populated\">\n\t\t\t\t\t\t<div class=\"elementor-element elementor-element-18b0cc3 elementor-widget elementor-widget-text-editor\" data-id=\"18b0cc3\" data-element_type=\"widget\" data-widget_type=\"text-editor.default\">\n\t\t\t\t<div class=\"elementor-widget-container\">\n\t\t\t<style>\/*! elementor - v3.23.0 - 05-08-2024 *\/\n.elementor-widget-text-editor.elementor-drop-cap-view-stacked .elementor-drop-cap{background-color:#69727d;color:#fff}.elementor-widget-text-editor.elementor-drop-cap-view-framed .elementor-drop-cap{color:#69727d;border:3px solid;background-color:transparent}.elementor-widget-text-editor:not(.elementor-drop-cap-view-default) .elementor-drop-cap{margin-top:8px}.elementor-widget-text-editor:not(.elementor-drop-cap-view-default) .elementor-drop-cap-letter{width:1em;height:1em}.elementor-widget-text-editor .elementor-drop-cap{float:left;text-align:center;line-height:1;font-size:50px}.elementor-widget-text-editor .elementor-drop-cap-letter{display:inline-block}<\/style>\t\t\t\t<p><strong>Weihnachtliche Kl\u00e4nge an Heiligabend<\/strong><\/p><div><p>Am 24. Dezember hat unsere Jugendkapelle an mehreren Pl\u00e4tzen im Dorf Weihnachtslieder gespielt. Wir hoffen, dass wir damit vielen Menschen eine Freude bereiten konnten und bedanken uns ganz herzlich f\u00fcr alle Zuh\u00f6rer*innen und die Spenden.<br \/>Einen guten Start ins neue Jahr 2022 w\u00fcnscht der Musikverein &#8222;Harmonie&#8220; Horben e.V.\u00a0<\/p><\/div><p><div id='gallery-1' class='gallery galleryid-333 gallery-columns-3 gallery-size-medium'><figure class='gallery-item'>\n\t\t\t<div class='gallery-icon landscape'>\n\t\t\t\t<a href='https:\/\/mv-horben.de\/?attachment_id=5870'><img fetchpriority=\"high\" width=\"300\" height=\"225\" src=\"https:\/\/mv-horben.de\/wp-content\/uploads\/2022\/01\/IMAG2502-300x225.jpg\" class=\"attachment-medium size-medium\" alt=\"Jugend\" decoding=\"async\" srcset=\"https:\/\/mv-horben.de\/wp-content\/uploads\/2022\/01\/IMAG2502-300x225.jpg 300w, https:\/\/mv-horben.de\/wp-content\/uploads\/2022\/01\/IMAG2502-1024x768.jpg 1024w, https:\/\/mv-horben.de\/wp-content\/uploads\/2022\/01\/IMAG2502-768x576.jpg 768w, https:\/\/mv-horben.de\/wp-content\/uploads\/2022\/01\/IMAG2502-1536x1152.jpg 1536w, https:\/\/mv-horben.de\/wp-content\/uploads\/2022\/01\/IMAG2502-2048x1536.jpg 2048w\" sizes=\"(max-width: 300px) 100vw, 300px\" title=\"Jugend\" \/><\/a>\n\t\t\t<\/div><\/figure><figure class='gallery-item'>\n\t\t\t<div class='gallery-icon portrait'>\n\t\t\t\t<a href='https:\/\/mv-horben.de\/?attachment_id=5871'><img width=\"225\" height=\"300\" src=\"https:\/\/mv-horben.de\/wp-content\/uploads\/2022\/01\/IMG_2829-225x300.jpg\" class=\"attachment-medium size-medium\" alt=\"Jugend\" decoding=\"async\" srcset=\"https:\/\/mv-horben.de\/wp-content\/uploads\/2022\/01\/IMG_2829-225x300.jpg 225w, https:\/\/mv-horben.de\/wp-content\/uploads\/2022\/01\/IMG_2829-768x1024.jpg 768w, https:\/\/mv-horben.de\/wp-content\/uploads\/2022\/01\/IMG_2829-1152x1536.jpg 1152w, https:\/\/mv-horben.de\/wp-content\/uploads\/2022\/01\/IMG_2829-1536x2048.jpg 1536w, https:\/\/mv-horben.de\/wp-content\/uploads\/2022\/01\/IMG_2829-scaled.jpg 1920w\" sizes=\"(max-width: 225px) 100vw, 225px\" title=\"Jugend\" \/><\/a>\n\t\t\t<\/div><\/figure><figure class='gallery-item'>\n\t\t\t<div class='gallery-icon portrait'>\n\t\t\t\t<a href='https:\/\/mv-horben.de\/?attachment_id=5872'><img width=\"225\" height=\"300\" src=\"https:\/\/mv-horben.de\/wp-content\/uploads\/2022\/01\/IMG_2832-225x300.jpg\" class=\"attachment-medium size-medium\" alt=\"Jugend\" decoding=\"async\" srcset=\"https:\/\/mv-horben.de\/wp-content\/uploads\/2022\/01\/IMG_2832-225x300.jpg 225w, https:\/\/mv-horben.de\/wp-content\/uploads\/2022\/01\/IMG_2832-768x1024.jpg 768w, https:\/\/mv-horben.de\/wp-content\/uploads\/2022\/01\/IMG_2832-1152x1536.jpg 1152w, https:\/\/mv-horben.de\/wp-content\/uploads\/2022\/01\/IMG_2832-1536x2048.jpg 1536w, https:\/\/mv-horben.de\/wp-content\/uploads\/2022\/01\/IMG_2832-scaled.jpg 1920w\" sizes=\"(max-width: 225px) 100vw, 225px\" title=\"Jugend\" \/><\/a>\n\t\t\t<\/div><\/figure>\n\t\t<\/div>\n<\/p>\t\t\t\t\t\t<\/div>\n\t\t\t\t<\/div>\n\t\t\t\t\t<\/div>\n\t\t<\/div>\n\t\t\t\t\t<\/div>\n\t\t<\/section>\n\t\t\t\t<section class=\"elementor-section elementor-top-section elementor-element elementor-element-42ee58ef elementor-section-boxed elementor-section-height-default elementor-section-height-default\" data-id=\"42ee58ef\" data-element_type=\"section\">\n\t\t\t\t\t\t<div class=\"elementor-container elementor-column-gap-default\">\n\t\t\t\t\t<div class=\"elementor-column elementor-col-100 elementor-top-column elementor-element elementor-element-4f75b48f\" data-id=\"4f75b48f\" data-element_type=\"column\">\n\t\t\t<div class=\"elementor-widget-wrap elementor-element-populated\">\n\t\t\t\t\t\t<div class=\"elementor-element elementor-element-4ff9ccd4 elementor-widget elementor-widget-text-editor\" data-id=\"4ff9ccd4\" data-element_type=\"widget\" data-widget_type=\"text-editor.default\">\n\t\t\t\t<div class=\"elementor-widget-container\">\n\t\t\t\t\t\t\t<p style=\"text-align: center;\"><strong>Bezirksjugendtag am 16. Oktober in Horben<\/strong><\/p><p style=\"text-align: center;\">Dieses Jahr konnte das traditionelle Bezirksjugendwochenende aufgrund<br \/>der Corona-Auflagen nur in kleiner Version und ohne Konzert stattfinden.<br \/>30 Kinder und Jugendliche aus unserem Bezirk (Hexental\/Batzenberg) sowie<br \/>10 Betreuer trafen sich am Samstag 16. Oktober in Horben und hatten viel<br \/>Spa\u00df zusammen. Nach einem Kennenlernspiel gab es einen Percussion &#8211;<br \/>Workshop, bei dem verschiedene Rhythmen gespielt wurden und bei der &#8222;40<br \/>Minuten-Wette&#8220; warteten verschiedene Aufgaben auf die Teams. Nach dem<br \/>Mittagessen ging es gut gest\u00e4rkt ins Freie, wo bei sch\u00f6nstem Wetter<br \/>zahlreiche Aufgaben zu l\u00f6sen waren wie z.B Liedergurgeln,<br \/>Wickingerschach, Sackh\u00fcpfen. Auch das Abschlussspiel kam bei allen gut<br \/>an und so war der Bezirksjugendtag ein voller Erfolg.<br \/>Ein herzliches Dankesch\u00f6n an die Jugendleiterinnen f\u00fcr die Organisation,<br \/>an Sebastian f\u00fcr den tollen Workshop und an alle Eltern f\u00fcr die leckeren<br \/>Kuchen!<\/p><p><div id='gallery-2' class='gallery galleryid-333 gallery-columns-3 gallery-size-medium'><figure class='gallery-item'>\n\t\t\t<div class='gallery-icon landscape'>\n\t\t\t\t<a href='https:\/\/mv-horben.de\/?attachment_id=5856#main'><img loading=\"lazy\" width=\"300\" height=\"225\" src=\"https:\/\/mv-horben.de\/wp-content\/uploads\/2021\/12\/IMG-20211115-WA0002-300x225.jpg\" class=\"attachment-medium size-medium\" alt=\"Jugend\" decoding=\"async\" srcset=\"https:\/\/mv-horben.de\/wp-content\/uploads\/2021\/12\/IMG-20211115-WA0002-300x225.jpg 300w, https:\/\/mv-horben.de\/wp-content\/uploads\/2021\/12\/IMG-20211115-WA0002-1024x768.jpg 1024w, https:\/\/mv-horben.de\/wp-content\/uploads\/2021\/12\/IMG-20211115-WA0002-768x576.jpg 768w, https:\/\/mv-horben.de\/wp-content\/uploads\/2021\/12\/IMG-20211115-WA0002-1536x1152.jpg 1536w, https:\/\/mv-horben.de\/wp-content\/uploads\/2021\/12\/IMG-20211115-WA0002.jpg 2048w\" sizes=\"(max-width: 300px) 100vw, 300px\" title=\"Jugend\" \/><\/a>\n\t\t\t<\/div><\/figure><figure class='gallery-item'>\n\t\t\t<div class='gallery-icon landscape'>\n\t\t\t\t<a href='https:\/\/mv-horben.de\/?attachment_id=5855#main'><img loading=\"lazy\" width=\"300\" height=\"225\" src=\"https:\/\/mv-horben.de\/wp-content\/uploads\/2021\/12\/IMG-20211115-WA0020-300x225.jpg\" class=\"attachment-medium size-medium\" alt=\"Jugend\" decoding=\"async\" srcset=\"https:\/\/mv-horben.de\/wp-content\/uploads\/2021\/12\/IMG-20211115-WA0020-300x225.jpg 300w, https:\/\/mv-horben.de\/wp-content\/uploads\/2021\/12\/IMG-20211115-WA0020-1024x768.jpg 1024w, https:\/\/mv-horben.de\/wp-content\/uploads\/2021\/12\/IMG-20211115-WA0020-768x576.jpg 768w, https:\/\/mv-horben.de\/wp-content\/uploads\/2021\/12\/IMG-20211115-WA0020-1536x1152.jpg 1536w, https:\/\/mv-horben.de\/wp-content\/uploads\/2021\/12\/IMG-20211115-WA0020.jpg 2048w\" sizes=\"(max-width: 300px) 100vw, 300px\" title=\"Jugend\" \/><\/a>\n\t\t\t<\/div><\/figure><figure class='gallery-item'>\n\t\t\t<div class='gallery-icon landscape'>\n\t\t\t\t<a href='https:\/\/mv-horben.de\/?attachment_id=5854#main'><img loading=\"lazy\" width=\"300\" height=\"225\" src=\"https:\/\/mv-horben.de\/wp-content\/uploads\/2021\/12\/IMG-20211115-WA0001-300x225.jpg\" class=\"attachment-medium size-medium\" alt=\"Jugend\" decoding=\"async\" srcset=\"https:\/\/mv-horben.de\/wp-content\/uploads\/2021\/12\/IMG-20211115-WA0001-300x225.jpg 300w, https:\/\/mv-horben.de\/wp-content\/uploads\/2021\/12\/IMG-20211115-WA0001-1024x768.jpg 1024w, https:\/\/mv-horben.de\/wp-content\/uploads\/2021\/12\/IMG-20211115-WA0001-768x576.jpg 768w, https:\/\/mv-horben.de\/wp-content\/uploads\/2021\/12\/IMG-20211115-WA0001-1536x1152.jpg 1536w, https:\/\/mv-horben.de\/wp-content\/uploads\/2021\/12\/IMG-20211115-WA0001.jpg 2048w\" sizes=\"(max-width: 300px) 100vw, 300px\" title=\"Jugend\" \/><\/a>\n\t\t\t<\/div><\/figure>\n\t\t<\/div>\n<\/p><p style=\"text-align: center;\"><strong>Nach der Corona-Pause erster Auftritt beim Benefizkonzert im Schulhof<\/strong><\/p><p style=\"text-align: center;\">Unsere Jugendkapelle konnte im Sommer endlich wieder mit gemeinsamen Proben beginnen und beim Benefizkonzert des Musikvereins f\u00fcr das Blasorchester Altenahr am 3. Oktober bei einem kurzen Auftritt ihr K\u00f6nnen unter Beweis stellen und das Publikum begeistern.<\/p><p><div id='gallery-3' class='gallery galleryid-333 gallery-columns-2 gallery-size-large'><figure class='gallery-item'>\n\t\t\t<div class='gallery-icon landscape'>\n\t\t\t\t<a href='https:\/\/mv-horben.de\/?attachment_id=5753#main'><img loading=\"lazy\" width=\"1024\" height=\"576\" src=\"https:\/\/mv-horben.de\/wp-content\/uploads\/2015\/11\/1050534-1024x576.jpg\" class=\"attachment-large size-large\" alt=\"Jugend\" decoding=\"async\" srcset=\"https:\/\/mv-horben.de\/wp-content\/uploads\/2015\/11\/1050534-1024x576.jpg 1024w, https:\/\/mv-horben.de\/wp-content\/uploads\/2015\/11\/1050534-300x169.jpg 300w, https:\/\/mv-horben.de\/wp-content\/uploads\/2015\/11\/1050534-768x432.jpg 768w, https:\/\/mv-horben.de\/wp-content\/uploads\/2015\/11\/1050534.jpg 1280w\" sizes=\"(max-width: 1024px) 100vw, 1024px\" title=\"Jugend\" \/><\/a>\n\t\t\t<\/div><\/figure><figure class='gallery-item'>\n\t\t\t<div class='gallery-icon landscape'>\n\t\t\t\t<a href='https:\/\/mv-horben.de\/?attachment_id=5751#main'><img loading=\"lazy\" width=\"1024\" height=\"576\" src=\"https:\/\/mv-horben.de\/wp-content\/uploads\/2015\/11\/1050526-1024x576.jpg\" class=\"attachment-large size-large\" alt=\"Jugend\" decoding=\"async\" srcset=\"https:\/\/mv-horben.de\/wp-content\/uploads\/2015\/11\/1050526-1024x576.jpg 1024w, https:\/\/mv-horben.de\/wp-content\/uploads\/2015\/11\/1050526-300x169.jpg 300w, https:\/\/mv-horben.de\/wp-content\/uploads\/2015\/11\/1050526-768x432.jpg 768w, https:\/\/mv-horben.de\/wp-content\/uploads\/2015\/11\/1050526.jpg 1280w\" sizes=\"(max-width: 1024px) 100vw, 1024px\" title=\"Jugend\" \/><\/a>\n\t\t\t<\/div><\/figure>\n\t\t<\/div>\n<\/p>\t\t\t\t\t\t<\/div>\n\t\t\t\t<\/div>\n\t\t\t\t\t<\/div>\n\t\t<\/div>\n\t\t\t\t\t<\/div>\n\t\t<\/section>\n\t\t\t\t<\/div>\n\t\t","protected":false},"excerpt":{"rendered":"<p>Weihnachtliche Kl\u00e4nge an Heiligabend Am 24. Dezember hat unsere Jugendkapelle an mehreren Pl\u00e4tzen im Dorf Weihnachtslieder gespielt. Wir hoffen, dass wir damit vielen Menschen eine Freude bereiten konnten und bedanken uns ganz herzlich f\u00fcr alle Zuh\u00f6rer*innen und die Spenden.Einen guten Start ins neue Jahr 2022 w\u00fcnscht der Musikverein &#8222;Harmonie&#8220; Horben e.V.\u00a0 Bezirksjugendtag am 16. Oktober &#8230; <a title=\"Jugend\" class=\"read-more\" href=\"https:\/\/mv-horben.de\/?page_id=333\" aria-label=\"Mehr dazu unter Jugend\">Weiterlesen<\/a><\/p>\n","protected":false},"author":1,"featured_media":0,"parent":0,"menu_order":0,"comment_status":"closed","ping_status":"closed","template":"","meta":{"ngg_post_thumbnail":0,"_mc_calendar":[]},"acf":[],"_links":{"self":[{"href":"https:\/\/mv-horben.de\/index.php?rest_route=\/wp\/v2\/pages\/333"}],"collection":[{"href":"https:\/\/mv-horben.de\/index.php?rest_route=\/wp\/v2\/pages"}],"about":[{"href":"https:\/\/mv-horben.de\/index.php?rest_route=\/wp\/v2\/types\/page"}],"author":[{"embeddable":true,"href":"https:\/\/mv-horben.de\/index.php?rest_route=\/wp\/v2\/users\/1"}],"replies":[{"embeddable":true,"href":"https:\/\/mv-horben.de\/index.php?rest_route=%2Fwp%2Fv2%2Fcomments&post=333"}],"version-history":[{"count":29,"href":"https:\/\/mv-horben.de\/index.php?rest_route=\/wp\/v2\/pages\/333\/revisions"}],"predecessor-version":[{"id":5876,"href":"https:\/\/mv-horben.de\/index.php?rest_route=\/wp\/v2\/pages\/333\/revisions\/5876"}],"wp:attachment":[{"href":"https:\/\/mv-horben.de\/index.php?rest_route=%2Fwp%2Fv2%2Fmedia&parent=333"}],"curies":[{"name":"wp","href":"https:\/\/api.w.org\/{rel}","templated":true}]}}