{"id":336,"date":"2015-11-19T17:23:12","date_gmt":"2015-11-19T15:23:12","guid":{"rendered":"http:\/\/mv-horben.de\/?page_id=336"},"modified":"2017-05-23T18:48:04","modified_gmt":"2017-05-23T18:48:04","slug":"chronik","status":"publish","type":"page","link":"https:\/\/mv-horben.de\/?page_id=336","title":{"rendered":"Chronik"},"content":{"rendered":"<table cellspacing=\"2\" cellpadding=\"0\" border=\"0\">\n<tbody>\n<tr align=\"center\">\n<td align=\"left\"><a name=\"Anchor-Die-59125\"><\/a><\/td>\n<\/tr>\n<tr>\n<td><img decoding=\"async\" src=\"http:\/\/mv-horben.de\/images\/spacer.gif\" alt=\"Chronik\" width=\"1\" border=\"0\" height=\"1\"><\/td>\n<\/tr>\n<tr>\n<td valign=\"top\">Die aus diesem Anlass erscheinende Chronik soll wesentliche Daten bis zum heutigen Tage festhalten und damit die kommende Generation mit dem Verein vertraut machen. Dabei ist nicht beabsichtigt, einzelne Personen hervorzuheben, sondern den Verein in seiner Gesamtheit darzustellen.<\/p>\n<p>Vor Gr\u00fcndung unseres Musikvereins spielten schon andere Kapellen zu festlichen und weltlichen Anl\u00e4ssen in Horben, speziell der Musikverein Kappel. Teilweise musizierten unsere Gr\u00fcndungsmitglieder als Gastmusiker mit.<\/p>\n<p><a name=\"Anchor-1911-49575\"><\/a><b>1911<\/b><br \/>\nAm 14. November l\u00e4dt Blasius Scherer (Engelwirt) die Horbener B\u00fcrger zur Gr\u00fcndungsversammlung einer Musikkapelle ein. Es erscheinen und werden aktive Musiker: August Asal, Hermann Geiges, Benedikt Kenk, Johann Kopp, Hermann Rees I, Hermann Rees II (Reesle-Hof), Otto Rees, Hermann Scherer, Alois Schneider, Karl Schneider, Andreas Ruf und Karl Zimmermann.<br \/>\nIn der folgenden Gr\u00fcndungsversammlung werden Blasius Scherer als 1. Vorsitzende und Rechner, Ludwig Rees als 2. Vorsitzender und August Asal als Schriftf\u00fchrer gew\u00e4hlt. Nach Aufstellung einer Satzung und deren Genehmigung durch das \u201eGro\u00dfherzogliche Bezirksamt\u201c in Freiburg werden bei der Firma Lehmpfuhl Instrumente gekauft. Sie kosten 495 Mark, wovon 100 Mark angezahlt werden konnten, der Rest wird von den aktiven Musikern in Raten abbezahlt. Als erster Dirigent kann Karl Dorenberg, Erster Trompeter beim badischen Feldartillerie-Regiment \u201876, verpflichtet werden. Preis pro Probe: 6 Mark, bei einer Probe, bzw. 5 Mark bei zwei Proben w\u00f6chentlich im Engel.<\/p>\n<p><img fetchpriority=\"high\" decoding=\"async\" src=\"http:\/\/mv-horben.de\/content\/pages\/chronik\/Bilder\/HochzLeopoldZimTheresia1914.jpg\" alt=\"Chronik\" width=\"574\" border=\"0\" height=\"337\"><br \/>\n<i>Hochzeit von Leopold Zimmermann und Theresia Steiert 1914.<br \/>\n<\/i><br \/>\n<a name=\"Anchor-1914-47857\"><\/a><a name=\"Anchor-1914-11481\"><\/a><b>1914<\/b><br \/>\nAusbruch des Ersten Weltkrieges und damit Ende des jungen, aufbl\u00fchenden Vereins.<\/p>\n<p><a name=\"Anchor-1919-35882\"><\/a><b>1919<\/b><br \/>\nDie ehemaligen Musiker beginnen \u2013 allerdings als Unterabteilung des Kriegervereins \u2013 wieder mit den Proben.<\/p>\n<p><a name=\"Anchor-1921-14210\"><\/a><b> 1921<\/b><br \/>\nDer Verein wird wieder ins Leben gerufen, weil bis dato kein Geld f\u00fcr einen Dirigenten vorhanden war. Der damalige musikalische Leiter, Albert Witzenhausen, wird nach jeder Musikprobe von zwei Musikern durch den Wald zur Stra\u00dfenbahnendhaltestelle in G\u00fcnterstal begleitet.<\/p>\n<p><a name=\"Anchor-1925-23240\"><\/a><b> 1925<\/b><br \/>\nDer Verein kauft eine Fahne. Zur Fahnenweihe wird ein Fest in Horben veranstaltet. Besuch eines Preiswettspiels in Kirchzarten. Die Kapelle erringt in ihrer Klasse Tagesbestleistung.<\/p>\n<p><img decoding=\"async\" src=\"http:\/\/mv-horben.de\/content\/pages\/chronik\/Bilder\/Fahnenweihe1925.jpg\" alt=\"Chronik\" width=\"574\" border=\"0\" height=\"372\"><br \/>\n<i>Fahnenweihe 1925 vor dem Hotel Engel.<br \/>\n<\/i><\/p>\n<p><b> 1926<\/b><br \/>\nDie Kapelle erreicht beim Preiswettspiel in Endingen a.K. den 1. Rang.<\/p>\n<p><b> 1927<\/b><br \/>\nTeilnahme an Wettspielen in Herbolzheim und Schluchsee.<\/p>\n<p><a name=\"Anchor-1929-3800\"><\/a><b> 1929<\/b><br \/>\nMusikfest im Glottertal. Diesmal erzielt die Kapelle in der Mittelstufe den 1. Preis und Tagesbestleistung. Zum Besuch der ausw\u00e4rtigen Veranstaltungen benutzt man jeweils einen Pferdewagen. In der Heimatgemeinde werden die Musiker von Pfarrer Franz Vitt unterst\u00fctzt, der auch die Theaterproben leitet und Unterhaltungsabende gestaltet.<\/p>\n<p><a name=\"Anchor-1933-35326\"><\/a><b> 1933<\/b><br \/>\nBeim 1. Bundesmusikfest in Freiburg erreicht der Musikverein in der Mittelstufe einen 1a-Preis.<\/p>\n<p><b> 1936<\/b><br \/>\nDas 25-j\u00e4hrige Jubil\u00e4um wird als Fest der ganzen Gemeinde gefeiert. Leider werden die Aktivit\u00e4ten des Vereins bald danach gebremst. Einberufungen zur Wehrmacht schw\u00e4chen den Verein immer mehr. Die Musik kann nur noch bei Anl\u00e4ssen im Dorf auftreten. Selbstverst\u00e4ndlich f\u00fcr die Musiker ist stets die Teilnahme an der Fronleichnamsprozession. Dirigent und Musiker werden daf\u00fcr mehrmals \u201evom Staat\u201c ger\u00fcgt.<\/p>\n<p><img loading=\"lazy\" decoding=\"async\" src=\"http:\/\/mv-horben.de\/content\/pages\/chronik\/Bilder\/25jaehrige.jpg\" alt=\"Chronik\" width=\"574\" border=\"0\" height=\"367\"><br \/>\n<i>Musikverein beim 25j\u00e4hrigen Jubil\u00e4um.<br \/>\n<\/i><\/p>\n<p><a name=\"Anchor-1939-44867\"><\/a><a name=\"Anchor-1939-33869\"><\/a><b> 1939<\/b><br \/>\nDer Musikverein kommt durch Kriegsausbruch endg\u00fcltig zum Erliegen.<\/p>\n<p><a name=\"Anchor-1945-6296\"><\/a><b> 1945<\/b><br \/>\nBereits im August 1945 werden die Br\u00fcder Leopold und August Rees beim B\u00fcrgermeister vorstellig, um die Wiederaufstellung einer Musikkapelle zu erreichen. Dieser willigt ein und sagt jegliche Unterst\u00fctzung zu. So wird am 24. Februar 1946 bei der franz\u00f6sischen Milit\u00e4rregierung ein Antrag auf Vereinsgr\u00fcndung gestellt. Am 6. Juli erteilt diese die Genehmigung, sich zu versammeln, so dass am 25. Juli eine Gr\u00fcndungsgeneralversammlung stattfinden kann. Die endg\u00fcltige Genehmigung zur Vereinsgr\u00fcndung wird am 6. Dezember erteilt.<\/p>\n<p><b> 1946<\/b><br \/>\nErster Auftritt der Musikkapelle mit 20 Mann in der Christmette an Heiligabend.<\/p>\n<p><a name=\"Anchor-1951-48213\"><\/a><b> 1951<\/b><br \/>\nDer Verein feiert sein 40-j\u00e4hriges Bestehen. An dem Fest nehmen die ganze Gemeinde und 13 Gastkapellen teil.<\/p>\n<p><img loading=\"lazy\" decoding=\"async\" src=\"http:\/\/mv-horben.de\/content\/pages\/chronik\/Bilder\/40jaehrige.jpg\" alt=\"Chronik\" width=\"574\" border=\"0\" height=\"359\"><br \/>\n<i>Fronleichnamsprozession auf dem K\u00e4ppelebuck vor der Horbener Kirche.<br \/>\n<\/i><\/p>\n<p><b> 1952<\/b><br \/>\nBeim Bezirksmusikfest in G\u00fcnterstal erspielt der Musikverein in der Mittelstufe die Note \u201esehr gut\u201c.<\/p>\n<p><a name=\"Anchor-1954-37516\"><\/a><b> 1954<\/b><br \/>\nBeim Bezirksmusikfest in Pfaffenweiler nimmt die Musikkapelle am Wertungsspiel teil und erreicht in der Oberstufe ein \u201esehr gut\u201c.<\/p>\n<p><b> 1961<\/b><br \/>\nNachdem vier Musikanten den Verein gleichzeitig verlassen, kann das 50-j\u00e4hrige Jubil\u00e4um des Vereins nicht gefeiert werden. In diesen und in den folgenden Jahren ist es f\u00fcr die Musik (und diese Entwicklung stellt man auch in anderen Gemeinden fest) sehr schwer, die Jugend f\u00fcr sich zu gewinnen. Die Zahl der aktiven Mitglieder geht zeitweise bis auf 15 Personen zur\u00fcck. Bei krankheitsbedingten Ausf\u00e4llen m\u00fcssen oft Musiker von anderen Kapellen aushelfen. Wie bei vielen aktiven Musikanten fehlt es auch an passiven Mitgliedern. Veranstaltungen bleiben deshalb aus. Die finanzielle Lage des Vereins ist \u00fcber Jahre hinweg auf einem Tiefpunkt.<\/p>\n<p><a name=\"Anchor-1964-23522\"><\/a><b> 1964\/1967<\/b><br \/>\nDer Bau eines neuen Schulgeb\u00e4udes erm\u00f6glicht es dem Musikverein, die neue Turnhalle als Festhalle mitzubenutzen. Bisher wurden s\u00e4mtliche Veranstaltungen im Hotel Engel in Langackern abgehalten. Im Mai spielt die Kapelle zum ersten Tanzabend auf. Die Veranstaltung ist (auch finanziell) ein voller Erfolg. Man einigt sich, auf dieser Basis aufzubauen, weil nur so der Verein sich finanziell weiterentwickeln und unabh\u00e4ngiger von Zuwendungen der Gemeinde und Spenden werden kann.<\/p>\n<p>In diesem Jahr gelingt es dem Verein auch, wieder Jugendliche auf Dauer f\u00fcr die Musik zu gewinnen.<br \/>\nIm September gestalten der Schachclub Horben und der Musikverein gemeinsam ein Fest, das f\u00fcr beide Vereine eine \u201elohnende Sache\u201c wird.<\/p>\n<p><b> 1969<\/b><br \/>\nAm 19. September 1969 wird auf Initiative von Eduard Zimmermann und Gerhard Laub in einer Besprechung mit dem Gesamtvorstand der Grundstein f\u00fcr eine Zusammenarbeit zwischen dem Musikverein Horben und den Westhansele Freiburg gelegt.<\/p>\n<p><a name=\"Anchor-1971-21683\"><\/a><a name=\"Anchor-1971-46919\"><\/a><b> 1971<\/b><br \/>\nDie Musikkapelle pr\u00e4sentiert sich zum 60-j\u00e4hrigen Jubil\u00e4um in erstaunlich guter Besetzung. Trotz unbest\u00e4ndigen Wetters wird das Fest musikalisch und finanziell ein gro\u00dfer Erfolg.<\/p>\n<p><img loading=\"lazy\" decoding=\"async\" src=\"http:\/\/mv-horben.de\/content\/pages\/chronik\/Bilder\/60jaehrige.jpg\" alt=\"Chronik\" width=\"564\" border=\"0\" height=\"298\"><br \/>\n<i>Musikverein im 60. Jubil\u00e4umsjahr<br \/>\n<\/i><\/p>\n<p><img loading=\"lazy\" decoding=\"async\" src=\"http:\/\/mv-horben.de\/content\/pages\/chronik\/Bilder\/Todtnauberg1972.jpg\" alt=\"Chronik\" width=\"574\" border=\"0\" height=\"361\"><br \/>\n<i>Umzug in Todtnauberg (noch in &#8222;alter Uniform&#8220;).<br \/>\n<\/i><br \/>\n<b> 1972<\/b><br \/>\nHerr Kapellmeister Franz Hauck feiert seinen 80. Geburtstag. Die Kapelle bringt ihm ein Geburtstagsst\u00e4ndchen. Herr Hauck widmet der Musik den \u201eHorbener Marsch\u201c, der bereits am 8. Oktober \u2013 anl\u00e4sslich eines vom Skiclub Horben veranstalteten \u201eGras-Ski-Rennens\u201c, bei dem die Musikkapelle die Er\u00f6ffnung und die Siegerehrung musikalisch umrahmt \u2013 zum ersten Mal gespielt wird.<br \/>\nIm Juni sind die \u00dcberlegungen und Vorbereitungen, f\u00fcr die Musikkapelle eine einheitliche Kleidung anzuschaffen, abgeschlossen. Farbe und Form haben die Musiker gemeinsam ausgesucht. Die Finanzierung ist, nachdem jeder Aktive einen Anteil von 50 DM selbst tr\u00e4gt und Spenden zahlreicher G\u00f6nner eingegangen sind, gesichert. So kann am 20. Juli \u201eMa\u00df\u201c genommen werden. Nur 10 Wochen vergehen, bis die Uniform anl\u00e4sslich des 75. Geburtstags von Altb\u00fcrgermeister Ferdinand Zimmermann und zwei Tage sp\u00e4ter bei einem Platzkonzert auf dem Kirchplatz erstmals der \u00d6ffentlichkeit vorgestellt wird.<\/p>\n<p><a name=\"Anchor-1975-47383\"><\/a><b> 1975<\/b><br \/>\nZahlreiche musikbegeisterte Jugendliche treten dem Verein bei, darunter erstmals auch Musikantinnen.<\/p>\n<p><b> 1976<\/b><br \/>\nVom 3. bis 6. Juni wird das 65-j\u00e4hrige Jubil\u00e4um des Vereins in einem Festzelt auf dem Schluckehofgel\u00e4nde gefeiert.<\/p>\n<p><img alt=\"Chronik\" loading=\"lazy\" decoding=\"async\" src=\"http:\/\/mv-horben.de\/content\/pages\/chronik\/Bilder\/HermannReesGruendungsmitgl.jpg\" width=\"421\" height=\"282\"><br \/>\n<i>Unser \u00e4ltestes Gr\u00fcndungsmitglied Hermann Rees bei seiner Feier im Hotel Engel.<br \/>\n<\/i><br \/>\n<a name=\"Anchor-1977-49425\"><\/a><b> 1977<\/b><br \/>\nAuf Anregung von B\u00fcrgermeister Werner Dammert und dem Elferratsvorsitzenden Karl Pache erh\u00e4lt der Verein die Gelegenheit, einen Zunftabend in Horben auszurichten. Trotz gr\u00f6\u00dfter Bedenken wegen der R\u00e4umlichkeiten wird der Abend ein voller Erfolg. Gerade die N\u00e4he der Besucher zu den \u201eK\u00fcnstlern\u201c schafft f\u00fcr beide Teile ein besonderes Erlebnis. Zur Freude der Musik und der Bev\u00f6lkerung von Horben wird der Zunftabend eine feste Einrichtung.<br \/>\nNach langer Pause nimmt die Musikkapelle wieder an einem Wertungsspiel teil. Obwohl viele Jungmusiker teilweise erst ein Jahr aktiv sind, kann man mit dem Ergebnis in St. Georgen sehr zufrieden sein.<\/p>\n<p>Der erste Dorfhock in Horben, vom Musikverein allein gestaltet, ergibt trotz Regens<br \/>\neinen zufriedenstellenden Erfolg und weckt Mut zum Weitermachen.<br \/>\n<a name=\"Anchor-1980-17304\"><\/a><b> 1980<\/b><br \/>\nAm 2. Februar feiern die Freiburger Westhansele und die Musikkapelle zwei Jubil\u00e4en: Das 25-j\u00e4hrige Bestehen der Zunft und das 10-j\u00e4hrige Jubil\u00e4um des Zusammenschlusses mit der Musik Horben. Die Zusammenarbeit mit den \u201eHansele aus Freiburg\u201c ist f\u00fcr beide Vereine eine Bereicherung. Die \u00fcber zwei Jahrzehnte andauernde Verbindung basiert auf einem freundschaftlichen Verh\u00e4ltnis. Feste Einrichtungen sind die Teilnahme an der Stra\u00dfenfasnet und dem Rosenmontagsumzug in Freiburg. Dar\u00fcber hinaus werden pro Jahr gemeinsam ein bis zwei ausw\u00e4rtige Veranstaltungen besucht. Als Beispiele seien genannt: Neustadt, M\u00fcllheim, Oberkirch, Wi\u00dfloch, Rheinfelden, Schwenningen, Ketsch, Philipsburg, auch Zweitagesfahrten nach Frankreich und Belgien.<br \/>\nIm Mai nimmt die Kapelle an einem Wertungsspiel in Waldkirch teil. Ein 1. Rang in der Mittelstufe war f\u00fcr Dirigent und Musiker erfreulich.<br \/>\nAuf Anregung des Musikvereins wird der Dorfhock in Horben zum ersten Mal von allen Vereinen gemeinsam ausgerichtet. Aufgrund der guten Zusammenarbeit ist er f\u00fcr alle ein Erfolg.<\/p>\n<p><b> 1981<\/b><br \/>\nBeim 70j\u00e4hrigen Jubil\u00e4um im Turnsaal des Schulhauses wirken mit: Die Musikvereine Wittnau und Tiengen, die Jugendkapelle Pfaffenweiler und die Trachtenkapelle St. Ulrich.<\/p>\n<p><img alt=\"Chronik\" loading=\"lazy\" decoding=\"async\" src=\"http:\/\/mv-horben.de\/content\/pages\/chronik\/Bilder\/70jaehrige.jpg\" width=\"574\" height=\"361\"><br \/>\n<i>Musikverein im 70. Jubil\u00e4umsjahr.<br \/>\n<\/i><\/p>\n<p><b> 1983<\/b><br \/>\nKurz vor Vollendung seines 100. Geburtstages verstirbt das einzig noch lebende Gr\u00fcndungsmitglied des Vereins, Hermann Rees. Die Musikkapelle begleitet sein Gr\u00fcndungs- und Ehrenmitglied auf dem Weg zur letzten Ruhest\u00e4tte.<\/p>\n<p><b> 1984<\/b><br \/>\nEinweihung der neuen Festhalle in Horben und \u00dcbergabe an die Vereine. Wir sind Herrn B\u00fcrgermeister Dammert f\u00fcr diese Einrichtung sehr dankbar, denn jetzt haben wir f\u00fcr unsere Veranstaltungen noch bessere Bedingungen. Es ist bewiesen, dass der Musikverein nur durch eigene Veranstaltungen in der Lage ist, seine vielf\u00e4ltigen Aufwendungen zu finanzieren. In den 17 Jahren, seit wir in der Halle einen Gro\u00dfteil unserer Veranstaltungen abhalten, k\u00f6nnen wir uns die notwendigen Instrumente f\u00fcr die gr\u00f6\u00dfere Anzahl Musiker kaufen, alte Instrumente austauschen und uns den Zukauf bzw. die Erhaltung unserer Uniformen leisten.<\/p>\n<p><a name=\"Anchor-1985-51540\"><\/a><b> 1985<\/b><br \/>\nNur wenige Monate nach seinem 80. Geburtstag verstirbt unser Ehrendirigent Leopold Rees. Die Kapelle begleitet ihn auf seinem Weg zur letzten Ruhest\u00e4tte. Die Vorsitzenden der Musikvereinen Horben, Tiengen, Ebringen und S\u00f6lden w\u00fcrdigen seine Verdienste um die Blasmusik und verabschieden ihn mit dem \u201eKameradenlied\u201c.<\/p>\n<p>Musikverein und Kirchenchor St. Agatha Horben geben gemeinsam ein Wunschkonzert. Die Veranstaltung verl\u00e4uft sehr erfolgreich. An dem Programm mit geschickt ausgew\u00e4hlten Musik- und Gesangsst\u00fccken, das von beiden Vereinen abwechslungsreich gestaltet wird, haben die Vortragenden und G\u00e4ste gleicherma\u00dfen ihre Freude.<\/p>\n<p><b> 1986<\/b><br \/>\nVom 5. bis 8. September 1986 feiert der Musikverein Horben im Festzelt auf dem Schluckehofgel\u00e4nde sein 75-j\u00e4hriges Bestehen. Das Vereinsjubil\u00e4um wird mit der Ausrichtung des Bezirksmusikfestes verbunden.<\/p>\n<p><img alt=\"Chronik\" loading=\"lazy\" decoding=\"async\" src=\"http:\/\/mv-horben.de\/content\/pages\/chronik\/Bilder\/75jaehrige.jpg\" width=\"574\" height=\"340\"><br \/>\n<i>Musikverein im 75. Jubil\u00e4umsjahr.<br \/>\n<\/i><\/p>\n<p><b> 1988<\/b><br \/>\nBeim Doppelkonzert des Musikvereins Horben mit der Trachtenkapelle St. Ulrich ernennt der MV Horben seinen langj\u00e4hrigen Vorsitzenden Josef Wie\u00dfler zum Ehrenvorsitzenden.<\/p>\n<p><a name=\"Anchor-1990-44591\"><\/a><b> 1990<\/b><br \/>\nAus Anlass des 20-j\u00e4hrigen Jubil\u00e4ums des Zusammenschlusses der Freiburger Westhansele mit dem Musikverein Horben spielt die Kapelle im H\u00e4s der Hansele. Als Jubil\u00e4umsgeschenk erh\u00e4lt der Musikverein eine Lyra.<\/p>\n<p><b> 1992<\/b><br \/>\nAm 4. und 5. April 1992 wird \u2013 erstmals in dieser Form \u2013 ein Probenwochenende in Wieden organisiert. Die gemeinsame Probenarbeit und intensive Kameradschaftspflege wirken sich musikalisch wie menschlich sehr positiv aus.<\/p>\n<p><b> 1995<\/b><br \/>\nErstmals spielt die Kapelle am 23. Februar beim Schmutzige Dunschdig der neugegr\u00fcndeten Zunft \u201eHorbener Haibraingeister\u201c zum Hemdglunkerumzug. Am gleichen Abend feiern wir mit den Freiburger Westhansele im B\u00fcrgerhaus Seepark unsere gemeinsame 25-j\u00e4hrige Fasnetaktivit\u00e4t.<\/p>\n<p>Nach stetig zur\u00fcckgehendem Besuch unseres Hammeltanzes kommt man auf die Idee, ein Herbstfest zu veranstalten. Die Resonanz ist positiv, so dass wir uns entschlie\u00dfen in zuk\u00fcnftigen Jahren das Fest in dieser Form beizubehalten.<\/p>\n<p><b> 1996<\/b><br \/>\nAm 4. Januar findet die 1. Musikerbesprechung statt. In lockerer Atmosph\u00e4re werden viele gute Vorschl\u00e4ge und Ideen f\u00fcr zuk\u00fcnftige Aktivit\u00e4ten geboren.<\/p>\n<p>Freundschaftliche Kontakte bescheren uns f\u00fcr den 9.\/10. September eine Einladung nach Essen. Nach kameradschaftlichem und geselligem Beisammensein am Samstag gestalten wir am Sonntag \u201eBennos Pfarrfest\u201c mit. Die Organisation \u00fcbernimmt unser G\u00f6nner Herr Carle.<\/p>\n<p>Der Musikverein veranstaltet sein Herbstfest und feiert zugleich sein 85j\u00e4hriges Bestehen. Ein ganz besonderes Geburtstagsgeschenk erh\u00e4lt der Verein von seinem passiven Mitglied Wolfgang Poppen. Er stiftet dem Musikverein ein 10qm gro\u00dfes Wandbild, das als Versch\u00f6nerung der B\u00fchne in der Festhalle hervorragend zur Geltung kommt.<\/p>\n<p><img alt=\"Chronik\" loading=\"lazy\" decoding=\"async\" src=\"http:\/\/mv-horben.de\/content\/pages\/chronik\/Bilder\/85jaehriges.jpg\" width=\"574\" height=\"281\"><br \/>\n<i>Musikverein im 85. Jubil\u00e4umsjahr (im Hintergrund das gestiftete B\u00fchnenbild).<br \/>\n<\/i><\/p>\n<p><b> 1997<\/b><br \/>\nIm Jahre 1997 findet erstmals eine Weihnachtsfeier ohne Theaterauff\u00fchrung statt. An dieser Stelle m\u00f6chten wir unserem langj\u00e4hrigen G\u00f6nner, Werner Brockhaus, f\u00fcr die zahlreichen Eins\u00e4tze als Regisseur und \u201eKopf\u201c der Theatergruppe herzlich danken.<br \/>\nAm gleichen Abend pr\u00e4sentiert sich unsere neugegr\u00fcndete Jugendmusikabteilung der \u00d6ffentlichkeit.<\/p>\n<p><a name=\"Anchor-1998-43793\"><\/a><b> 1998<\/b><br \/>\nWegen der j\u00e4hrlich schwindenden Besucherzahl bei Fasnetveranstaltungen des Musikvereins wie auch der FFW Horben beschlie\u00dft man eine \u201eFasnethochzeit\u201c.<br \/>\nFreiwillige Feuerwehr und Musikverein f\u00fchren einen gemeinsamen Fasnettanz durch, den wir auch in zuk\u00fcnftigen Jahren beibehalten.<\/p>\n<p>Anl\u00e4sslich des 25-j\u00e4hrigen Dirigentenjubil\u00e4ums von Rudi Wissler veranstaltet der Musikverein Horben ein Doppelkonzert mit der Trachtenkapelle St. Peter.<\/p>\n<p>Am 2. Oktober 1998 feiern wir die Einweihung der neu gebauten Gemeinschaftsr\u00e4ume.<br \/>\nDer Musikverein erh\u00e4lt einen eigenen Vereinsraum f\u00fcr Aufenthalt, Instrumente, Noten etc. Zus\u00e4tzlich k\u00f6nnen wir den B\u00fcrgersaal f\u00fcr unsere Musikproben mitbenutzen.<br \/>\nDer Traum vom eigenen Vereins- bzw. Probenraum liegt in der Geschichte des Musikvereins lange Jahre zur\u00fcck. Die Probenlokalit\u00e4ten hatten ihren Ursprung im Hotel \u201eZum Engel\u201c. Angefangen in kleiner Besetzung, wurde sp\u00e4ter nach gr\u00f6\u00dferen R\u00e4umlichkeiten gesucht. Im alten Schulsaal fand man eine neue Bleibe. Aufgrund des Beschlusses, den alten Schulsaal in einen Gemeindesaal umzubauen, mussten wir unsere Probenaktivit\u00e4ten provisorisch in der Festhalle abhalten.<br \/>\nNach jahrelanger stetiger Unterstreichung der Dringlichkeit des Bedarfs auf ein eigenes Probenlokal wird uns durch die Gemeinde dieser Wunsch nun erf\u00fcllt.<br \/>\nAn dieser Stelle m\u00f6chten wir der Gemeinde, insbesondere Herrn B\u00fcrgermeister Werner Dammert, f\u00fcr die Bereitstellung der R\u00e4umlichkeiten danken.<\/p>\n<p><b> 1999<\/b><br \/>\nDer Musikverein \u201eHarmonie\u201c Horben veranstaltet zu Ehren seines langj\u00e4hrigen Dirigenten Rudi Wissler ein Fr\u00fchlingskonzert gemeinsam mit der Trachtenkapelle Oberried.<br \/>\nRudi Wissler aus Oberried kann in diesem Jahr auf 50 Jahre des Musizierens und Dirigierens zur\u00fcckblicken. Davon hat er allein 26 Jahre lang den Dirigentenstock beim Musikverein Horben gef\u00fchrt. Sein Einsatz war immer selbstlos und ohne Vorbehalte zum Wohle der Musik. Der Musikverein Horben und die Trachtenkapelle Oberried sind ihm daf\u00fcr zu gro\u00dfem Dank verpflichtet.<br \/>\nBeide Vereine freuen sich, mit ihm dieses Fr\u00fchlingskonzert, das auch gleichzeitig den Abschied von seiner Musikerlaufbahn bedeutet, zu feiern.<\/p>\n<p>Zusammenf\u00fchrung der Jungmusiker aus Horben und Wittnau zur Gr\u00fcndung einer gemeinsamen Jugendkapelle.<\/p>\n<p><a name=\"Anchor-2000-5677\"><\/a><b> 2000<\/b><br \/>\nIm Laufe des Jahres wird unser Probelokal nach und nach mit Einrichtungsgegenst\u00e4nden und N\u00fctzlichkeiten wie Kopierer, Vorh\u00e4nge, Vitrine, Schrank, Lampen etc. erg\u00e4nzt und versch\u00f6nert.<\/p>\n<p><a name=\"Anchor-2001-2821\"><\/a><b> 2001<\/b><br \/>\nDas 90j\u00e4hrige Bestehen des Musikvereins wird in Form eines Jubil\u00e4umskonzertes mit dem MV Katzenmoos im Mai, und einem Jubil\u00e4umsfest im Juli gefeiert.<\/p>\n<p>Zweit\u00e4giger Ausflug nach Eggiwil in die Schweiz.<\/p>\n<p><b> 2002<\/b><br \/>\nIm Sommer feiert die Horbener Vereinsgemeinschaft &#8222;25 Jahre Horbener Dorfhock&#8220;.<\/p>\n<p><b><a name=\"Anchor-2004-45656\"><\/a>2004<\/b><br \/>\nIm April geht die Homepage des Musikvereins &#8222;Harmonie&#8220; Horben an den Start. Im gleichen Monat erhalten wir unsere Polo-Hemden f\u00fcr ein einheitliches Erscheinungsbild.<\/p>\n<p>Am 17. und 18. Juli veranstalten wir unsere 1. Open-Air-Party hoch \u00fcber Freiburg auf der Eduardsh\u00f6he. Die Idee ist auf eine &#8222;fr\u00fchere Wette&#8220; unseres 1. Vorsitzenden zur\u00fcck zu f\u00fchren. Dank vieler Gespr\u00e4che mit finanzkr\u00e4ftigen Sponsoren und zahlreichen Helfern k\u00f6nnen wir dieses Frei-Luft-Projekt stemmen. Am Samstag spielt die Rock- und Popband &#8222;Just-Listen&#8220; aus dem Wiesental und die neu gegr\u00fcndete Band aus dem Hexental &#8222;5-decibel&#8220;. Trotz launischem Wetter lassen wir den &#8222;Berg beben&#8220;. Mit sonnigem Wetter und einem Konzert des Musikvereins Merzhausen feiern wir am Sonntag unseren Wandererhock.<\/p>\n<p>Beim traditionellen Herbstfest f\u00fchren wir dieses Jahr erstmals eine &#8222;Horbener Waldarbeitermeisterschaft&#8220; durch. Trotz Nieselregens zieht dieser spektakul\u00e4re Wettbewerb vor der Festhalle ann\u00e4hernd 200 Zuschauer in ihren Bann. Den 1. Preis in Form einer Kettens\u00e4ge und weitere Sachpreise stiftet uns die Firma B\u00e4rmann aus Staufen. Blasmusik der Musikvereine aus St. Ulrich, Brandenberg, Buchenbach und nicht zuletzt unsere gro\u00dfe Hammelverlosung runden das gelungene Fest ab.<\/p>\n<p>Am 27. Oktober feiern wir gemeinsam mit der Gemeinde die Einweihung unseres neuen Dorfplatzes.<\/p>\n<p><b><a name=\"Anchor-2004-45656\"><\/a>2005<\/b><br \/>\nIm Juni feiern wir mit den neuen P\u00e4chtern die Wiederer\u00f6ffnung des Gasthaus Raben.<\/p>\n<p>Im Juli umrahmen wir musikalisch das Fest \u201e75 Jahre Schauinslandbahn\u201c.<\/p>\n<p>Am 1. Oktober veranstaltet der Musikverein zusammen mit der Pfarrgemeinde St. Agatha ein Kirchenkonzert zugunsten der Kirchenrenovation.<\/p>\n<p>Bedingt durch unsere immer gr\u00f6\u00dfer werdende Anzahl an Musikern stellen wir die Halle \u201eauf den Kopf\u201c. Das diesj\u00e4hrige Weihnachtskonzert findet mit einer neuen Hallenaufteilung und einer gr\u00f6\u00dferen mobilen B\u00fchne statt.<\/p>\n<p><b><a name=\"Anchor-2004-45656\"><\/a>2006<\/b><br \/>\nNach mehr als 30 Jahren trennen wir uns in aller Freundschaft von den Freiburger Westhansele und begleiten die Narrenzunft ein letztes Mal beim Rosenmontagsumzug in Freiburg.<\/p>\n<p>Im April feiern wir mit der Freiwilligen Feuerwehr Horben die Einweihung ihres neuen L\u00f6schfahrzeuges.<\/p>\n<p><b><a name=\"Anchor-2004-45656\"><\/a>2007<\/b><br \/>\nIm Januar k\u00f6nnen wir ein gebrauchtes Festzelt \u00fcber die Badische Zeitung erwerben. Dadurch wird der Musikverein unabh\u00e4ngiger, und die Vereinskasse wird entlastet<br \/>\n.<br \/>\nZur Pflege unserer immer gr\u00f6\u00dfer werdende Ansammlung an Daten erwerben wir eine spezielle Computersoftware.<\/p>\n<p>Beim Stadtjubil\u00e4um in Herbolzheim am 15. Juli marschieren wir bei 40 Grad mit \u201egelockerter Anzugsordnung\u201c ohne Krawatte und offenem \u201eSchilli\u201c.<\/p>\n<p><b><a name=\"Anchor-2004-45656\"><\/a>2008<\/b><br \/>\nAn unserem mittlerweile 3. Open-Air-Fest spielt zum ersten Mal die Theatergruppe des Schachclubs Horben mit gro\u00dfem Erfolg auf.<\/p>\n<p>Am 25. bis 26. Oktober fahren wir nach langj\u00e4hriger Ausflugspause f\u00fcr zwei Tage nach Stuttgart. Neben dem Besuch von kulturellen Sehensw\u00fcrdigkeiten verbringen wir viele gesellige Stunden miteinander.<\/p>\n<p><b><a name=\"Anchor-2004-45656\"><\/a>2009<\/b><br \/>\nBedingt durch eine berufliche Ver\u00e4nderung unseres 1. Vorsitzenden halten wir eine au\u00dferordentliche Generalversammlung ab.<\/p>\n<p>Im Rahmen der 31. Schwarzw\u00e4lder Holzf\u00e4llermeisterschaften und des \u201e7. Eurojack\u201cam 2. August in Schuttertal, halten wir ein Festkonzert ab.<\/p>\n<p>Am 3. und 4. Oktober besucht uns die Musikgesellschaft aus Eggiwil. Nach einer Stadtbesichtigung in Freiburg feiern wir gemeinsam unseren Kameradschaftsabend mit Weinprobe. Am Sonntag umrahmen unsere Freunde aus der Schweiz das Erntedankfest mit einem Fr\u00fchschoppenkonzert. Durch das Treffen wird der Kontakt gefestigt.<\/p>\n<p><b><a name=\"Anchor-2004-45656\"><\/a>2010<\/b><br \/>\nIn den vergangenen Jahren wurden viele neue Instrumente angeschafft. Viele Musiker unterst\u00fctzen den Verein, indem sie ein eigenes Instrument erworben haben.<br \/>\nNoch nie hatten wir in der Vereinsgeschichte soviele Jugendliche in Ausbildung wie zum jetzigen Zeitpunkt.<\/p>\n<p><img alt=\"Chronik\" loading=\"lazy\" decoding=\"async\" src=\"http:\/\/mv-horben.de\/content\/pages\/chronik\/Bilder\/Fahne_2.jpg\" width=\"529\" height=\"389\"><\/p>\n<p><b> Schlusswort<\/b><br \/>\nTradition verpflichtet und verbindet!<\/p>\n<p>Ohne Einbringung der eigenen Tatkraft und F\u00e4higkeit einzelner Personen ist kein Vereinsleben m\u00f6glich. F\u00fchren wir also die Grundidee unserer \u201eGr\u00fcndungsv\u00e4ter\u201c fort:<br \/>\nDie Liebe zur Musik \u2013 sie umfasst alle geist- und gem\u00fctbildende K\u00fcnste.<\/p>\n<p><b> Musik verbindet \u2013 schafft Br\u00fccken \u2013 kennt keine Grenzen.<\/p>\n<\/tr>\n<\/tbody>\n<\/table>\n","protected":false},"excerpt":{"rendered":"<p>Die aus diesem Anlass erscheinende Chronik soll wesentliche Daten bis zum heutigen Tage festhalten und damit die kommende Generation mit dem Verein vertraut machen. Dabei ist nicht beabsichtigt, einzelne Personen hervorzuheben, sondern den Verein in seiner Gesamtheit darzustellen. Vor Gr\u00fcndung unseres Musikvereins spielten schon andere Kapellen zu festlichen und weltlichen Anl\u00e4ssen in Horben, speziell der &#8230; <a title=\"Chronik\" class=\"read-more\" href=\"https:\/\/mv-horben.de\/?page_id=336\" aria-label=\"Mehr dazu unter Chronik\">Weiterlesen<\/a><\/p>\n","protected":false},"author":1,"featured_media":0,"parent":0,"menu_order":0,"comment_status":"closed","ping_status":"closed","template":"","meta":{"ngg_post_thumbnail":0,"_mc_calendar":[]},"acf":[],"_links":{"self":[{"href":"https:\/\/mv-horben.de\/index.php?rest_route=\/wp\/v2\/pages\/336"}],"collection":[{"href":"https:\/\/mv-horben.de\/index.php?rest_route=\/wp\/v2\/pages"}],"about":[{"href":"https:\/\/mv-horben.de\/index.php?rest_route=\/wp\/v2\/types\/page"}],"author":[{"embeddable":true,"href":"https:\/\/mv-horben.de\/index.php?rest_route=\/wp\/v2\/users\/1"}],"replies":[{"embeddable":true,"href":"https:\/\/mv-horben.de\/index.php?rest_route=%2Fwp%2Fv2%2Fcomments&post=336"}],"version-history":[{"count":10,"href":"https:\/\/mv-horben.de\/index.php?rest_route=\/wp\/v2\/pages\/336\/revisions"}],"predecessor-version":[{"id":629,"href":"https:\/\/mv-horben.de\/index.php?rest_route=\/wp\/v2\/pages\/336\/revisions\/629"}],"wp:attachment":[{"href":"https:\/\/mv-horben.de\/index.php?rest_route=%2Fwp%2Fv2%2Fmedia&parent=336"}],"curies":[{"name":"wp","href":"https:\/\/api.w.org\/{rel}","templated":true}]}}